{"id":5,"date":"2017-08-01T13:04:12","date_gmt":"2017-08-01T13:04:12","guid":{"rendered":"http:\/\/dev.sparcar-eppstein.de\/?page_id=5"},"modified":"2019-10-29T10:03:12","modified_gmt":"2019-10-29T08:03:12","slug":"home","status":"publish","type":"page","link":"https:\/\/sparcar-eppstein.com\/en\/","title":{"rendered":"Home"},"content":{"rendered":"<section id=\"wpes-8eca962b6947dd5469fb0222c27ea6a6\" class=\"fw-main-row  fw-container-fluid\" style=\"padding-top: 50px;padding-bottom: 10px;margin-top: -97px;background-color: #ffffff;\"  >\n\t\t<div class=\"fw-container\">\n\t\t<div class=\"fw-row\">\n\t\n<div class=\"fw-col-xs-12\"  style=\"\">\n\t\t<div class=\"fw-col-inner\">\n\t\t\n<div class=\"fw-heading heading-one fw-heading-h2 fw-heading-center\">\n\n\t<h2 class='fw-special-title' style=\"color: #3c4858;\">Unsere Dienstleistungen<\/h2>\n\t<span class=\"heading-bottom\"><\/span>\n\t<\/div><h4 style=\"text-align: center;\">Mit uns beginnt Ihre Reise bereits an die Haust\u00fcr<\/h4><h4><\/h4>\t<\/div>\n<\/div><\/div>\n\n\t<\/div>\n<\/section>\n<section id=\"wpes-43ed06f380721e0c5f93b7889c75c13c\" class=\"fw-main-row  fw-container-fluid\" style=\"padding-top: 30px;padding-bottom: 50px;background-color: #ffffff;\"  >\n\t\t<div class=\"fw-container\">\n\t\t<div class=\"fw-row\">\n\t\n<div class=\"fw-col-xs-12\"  style=\"\">\n\t\t<div class=\"fw-col-inner\">\n\t\t\n<div id=\"aba1b9144daaf2d3bc7b3dafde1b6129\" class=\"row wpes-posts-wrap\">\n\t\t\t\n\t\t\t\t<article id=\"post-22\" class=\"col-md-4 post-22 post type-post status-publish format-standard has-post-thumbnail hentry category-services tag-eppstein tag-flughafen tag-frankfurt tag-mietwagen tag-taxi tag-transfer\">\n\t\t\t\t\t<div class=\"card card-blog card-grid\">\n\t\t\t\t\t\t\n\t<div class=\"card-header card-header-image post-thumbnail\">\n\t\t<a href=\"https:\/\/sparcar-eppstein.com\/en\/flughafentransfer\/\">\n\t\t\t<img loading=\"lazy\" decoding=\"async\" width=\"300\" height=\"201\" src=\"https:\/\/sparcar-eppstein.com\/wp-content\/uploads\/2014\/11\/airbus-2466266_1280-300x201.jpg\" class=\"img wp-post-image\" alt=\"\" srcset=\"https:\/\/sparcar-eppstein.com\/wp-content\/uploads\/2014\/11\/airbus-2466266_1280-300x201.jpg 300w, https:\/\/sparcar-eppstein.com\/wp-content\/uploads\/2014\/11\/airbus-2466266_1280-768x515.jpg 768w, https:\/\/sparcar-eppstein.com\/wp-content\/uploads\/2014\/11\/airbus-2466266_1280-1024x687.jpg 1024w, https:\/\/sparcar-eppstein.com\/wp-content\/uploads\/2014\/11\/airbus-2466266_1280.jpg 1280w\" sizes=\"auto, (max-width: 300px) 100vw, 300px\" \/>\t\t<\/a>\n\t<\/div><!-- .post-thumbnail -->\n\n<div class=\"card-body\">\n\t<!-- Post Categories -->\n\t<div class=\"h6 category text-primary\">\n\t\t<ul class=\"post-categories\">\n\t<li><a href=\"https:\/\/sparcar-eppstein.com\/en\/category\/services\/\" rel=\"category tag\">Services<\/a><\/li><\/ul>\t<\/div>\n\n\t<h4 class=\"entry-title card-title\">\n\t\t<a href=\"https:\/\/sparcar-eppstein.com\/en\/flughafentransfer\/\" rel=\"bookmark\">Flughafen Transfer<\/a>\t<\/h4>\n\n\t<p class=\"entry-content\">\n\t\tProfitieren Sie von unseren g\u00fcnstigen Pauschalpreisen. Termingerecht holen wir Sie an ihrer Haust\u00fcr ab und bringen Sie zum Flughafen Ihrer Wahl. Selbstverst\u00e4ndlich sorgen wir auch f\u00fcr Ihre Abholung am Flughafen. Wunschgem\u00e4\u00df nach Flugplan...\t<\/p>\n\n\t<a class=\"post-readmore\" href=\"https:\/\/sparcar-eppstein.com\/en\/flughafentransfer\/\">\n\t\tRead More\t<\/a>\n\n\t<div class=\"h6 footer post-meta\">\n\t\t<div class=\"meta author\">\n\t\t\t<a href=\"javascript:void(0);\">\n\t\t\t\t\t\t\t\t<span class=\"blog-author vcard\">Kamran Yousaf<\/span>\n\t\t\t<\/a>\n\t\t<\/div>\n\n\t\t<div class=\"meta-right pull-right\">\n\t\t\t<span class=\"meta post-date\">\n\t\t\t\t<i class=\"fa fa-calendar\"><\/i>\n\t\t\t\t21\/10\/2019\t\t\t<\/span>\n\n\t\t\t\t\t<\/div>\n\t<\/div>\n<\/div>\t\t\t\t\t<\/div>\n\t\t\t\t<\/article>\n\t\t\t\n\t\t\t\t<article id=\"post-1490\" class=\"col-md-4 post-1490 post type-post status-publish format-standard has-post-thumbnail hentry category-services tag-bahnhof tag-eppstein tag-hauptbahnhof tag-mietwagen tag-taxi tag-transfer\">\n\t\t\t\t\t<div class=\"card card-blog card-grid\">\n\t\t\t\t\t\t\n\t<div class=\"card-header card-header-image post-thumbnail\">\n\t\t<a href=\"https:\/\/sparcar-eppstein.com\/en\/bahnhof-transfer\/\">\n\t\t\t<img loading=\"lazy\" decoding=\"async\" width=\"300\" height=\"200\" src=\"https:\/\/sparcar-eppstein.com\/wp-content\/uploads\/2019\/10\/central-station-2139984_1280-300x200.jpg\" class=\"img wp-post-image\" alt=\"\" srcset=\"https:\/\/sparcar-eppstein.com\/wp-content\/uploads\/2019\/10\/central-station-2139984_1280-300x200.jpg 300w, https:\/\/sparcar-eppstein.com\/wp-content\/uploads\/2019\/10\/central-station-2139984_1280-768x512.jpg 768w, https:\/\/sparcar-eppstein.com\/wp-content\/uploads\/2019\/10\/central-station-2139984_1280-1024x682.jpg 1024w, https:\/\/sparcar-eppstein.com\/wp-content\/uploads\/2019\/10\/central-station-2139984_1280.jpg 1280w\" sizes=\"auto, (max-width: 300px) 100vw, 300px\" \/>\t\t<\/a>\n\t<\/div><!-- .post-thumbnail -->\n\n<div class=\"card-body\">\n\t<!-- Post Categories -->\n\t<div class=\"h6 category text-primary\">\n\t\t<ul class=\"post-categories\">\n\t<li><a href=\"https:\/\/sparcar-eppstein.com\/en\/category\/services\/\" rel=\"category tag\">Services<\/a><\/li><\/ul>\t<\/div>\n\n\t<h4 class=\"entry-title card-title\">\n\t\t<a href=\"https:\/\/sparcar-eppstein.com\/en\/bahnhof-transfer\/\" rel=\"bookmark\">Bahnhof Transfer<\/a>\t<\/h4>\n\n\t<p class=\"entry-content\">\n\t\tProfitieren Sie von unseren g\u00fcnstigen Pauschalpreisen. Termingerecht holen wir Sie an ihrer Haust\u00fcr ab und bringen Sie zum Bahnhof Ihrer Wahl. Selbstverst\u00e4ndlich sorgen wir auch f\u00fcr Ihre Abholung am Bahnhof. Wunschgem\u00e4\u00df nach Zugplan...\t<\/p>\n\n\t<a class=\"post-readmore\" href=\"https:\/\/sparcar-eppstein.com\/en\/bahnhof-transfer\/\">\n\t\tRead More\t<\/a>\n\n\t<div class=\"h6 footer post-meta\">\n\t\t<div class=\"meta author\">\n\t\t\t<a href=\"javascript:void(0);\">\n\t\t\t\t\t\t\t\t<span class=\"blog-author vcard\">Kamran Yousaf<\/span>\n\t\t\t<\/a>\n\t\t<\/div>\n\n\t\t<div class=\"meta-right pull-right\">\n\t\t\t<span class=\"meta post-date\">\n\t\t\t\t<i class=\"fa fa-calendar\"><\/i>\n\t\t\t\t21\/10\/2019\t\t\t<\/span>\n\n\t\t\t\t\t<\/div>\n\t<\/div>\n<\/div>\t\t\t\t\t<\/div>\n\t\t\t\t<\/article>\n\t\t\t\n\t\t\t\t<article id=\"post-1512\" class=\"col-md-4 post-1512 post type-post status-publish format-standard has-post-thumbnail hentry category-all-services category-services tag-bremthal tag-dialysefahrten tag-ehlhalten tag-engenhahn tag-eppenheim tag-eppstein tag-fischbach tag-heftrichidstein tag-hofheim-langenhain tag-hofheim-lorschbach tag-hofheim-wildsachsen tag-kelkheim tag-krankenfahrten tag-mietwagen tag-niederjosbach tag-niedernhausen tag-niederselbach tag-oberjosbach tag-oberselbach tag-ruepertsheim tag-schlossborn tag-taxi tag-transfer tag-vockenhausen tag-wiesbaden-auringen tag-wiesbaden-breckenheim tag-wiesbaden-medenbach tag-wiesbaden-naurod\">\n\t\t\t\t\t<div class=\"card card-blog card-grid\">\n\t\t\t\t\t\t\n\t<div class=\"card-header card-header-image post-thumbnail\">\n\t\t<a href=\"https:\/\/sparcar-eppstein.com\/en\/dialysefahrten\/\">\n\t\t\t<img loading=\"lazy\" decoding=\"async\" width=\"300\" height=\"201\" src=\"https:\/\/sparcar-eppstein.com\/wp-content\/uploads\/2019\/10\/med-300x201.jpg\" class=\"img wp-post-image\" alt=\"\" srcset=\"https:\/\/sparcar-eppstein.com\/wp-content\/uploads\/2019\/10\/med-300x201.jpg 300w, https:\/\/sparcar-eppstein.com\/wp-content\/uploads\/2019\/10\/med-768x515.jpg 768w, https:\/\/sparcar-eppstein.com\/wp-content\/uploads\/2019\/10\/med-1024x687.jpg 1024w, https:\/\/sparcar-eppstein.com\/wp-content\/uploads\/2019\/10\/med.jpg 1280w\" sizes=\"auto, (max-width: 300px) 100vw, 300px\" \/>\t\t<\/a>\n\t<\/div><!-- .post-thumbnail -->\n\n<div class=\"card-body\">\n\t<!-- Post Categories -->\n\t<div class=\"h6 category text-primary\">\n\t\t<ul class=\"post-categories\">\n\t<li><a href=\"https:\/\/sparcar-eppstein.com\/en\/category\/all-services\/\" rel=\"category tag\">All Services<\/a><\/li>\n\t<li><a href=\"https:\/\/sparcar-eppstein.com\/en\/category\/services\/\" rel=\"category tag\">Services<\/a><\/li><\/ul>\t<\/div>\n\n\t<h4 class=\"entry-title card-title\">\n\t\t<a href=\"https:\/\/sparcar-eppstein.com\/en\/dialysefahrten\/\" rel=\"bookmark\">Kranken- \/ Dialysefahrten<\/a>\t<\/h4>\n\n\t<p class=\"entry-content\">\n\t\tWir bringen Sie zu ambulanten Behandlungen bei \u00c4rzten oder zu station\u00e4ren Aufnahme in Kliniken, zu Kuraufenthalten oder zu Therapien. Selbstverst\u00e4ndlich holen wir Sie auch ab und bringen Sie wieder nach Hause. Besonders Patienten...\t<\/p>\n\n\t<a class=\"post-readmore\" href=\"https:\/\/sparcar-eppstein.com\/en\/dialysefahrten\/\">\n\t\tRead More\t<\/a>\n\n\t<div class=\"h6 footer post-meta\">\n\t\t<div class=\"meta author\">\n\t\t\t<a href=\"javascript:void(0);\">\n\t\t\t\t\t\t\t\t<span class=\"blog-author vcard\">Kamran Yousaf<\/span>\n\t\t\t<\/a>\n\t\t<\/div>\n\n\t\t<div class=\"meta-right pull-right\">\n\t\t\t<span class=\"meta post-date\">\n\t\t\t\t<i class=\"fa fa-calendar\"><\/i>\n\t\t\t\t21\/10\/2019\t\t\t<\/span>\n\n\t\t\t\t\t<\/div>\n\t<\/div>\n<\/div>\t\t\t\t\t<\/div>\n\t\t\t\t<\/article>\n\t\t\t\n\t\t\t\t<article id=\"post-1518\" class=\"col-md-4 post-1518 post type-post status-publish format-standard has-post-thumbnail hentry category-all-services category-services tag-bremthal tag-ehlhalten tag-eppstein tag-mietwagen tag-niederjosbach tag-taxi tag-transfer tag-vockenhausen\">\n\t\t\t\t\t<div class=\"card card-blog card-grid\">\n\t\t\t\t\t\t\n\t<div class=\"card-header card-header-image post-thumbnail\">\n\t\t<a href=\"https:\/\/sparcar-eppstein.com\/en\/_stadtfahrt\/\">\n\t\t\t<img loading=\"lazy\" decoding=\"async\" width=\"300\" height=\"201\" src=\"https:\/\/sparcar-eppstein.com\/wp-content\/uploads\/2019\/10\/city_-300x201.jpg\" class=\"img wp-post-image\" alt=\"\" srcset=\"https:\/\/sparcar-eppstein.com\/wp-content\/uploads\/2019\/10\/city_-300x201.jpg 300w, https:\/\/sparcar-eppstein.com\/wp-content\/uploads\/2019\/10\/city_-768x515.jpg 768w, https:\/\/sparcar-eppstein.com\/wp-content\/uploads\/2019\/10\/city_-1024x687.jpg 1024w, https:\/\/sparcar-eppstein.com\/wp-content\/uploads\/2019\/10\/city_.jpg 1280w\" sizes=\"auto, (max-width: 300px) 100vw, 300px\" \/>\t\t<\/a>\n\t<\/div><!-- .post-thumbnail -->\n\n<div class=\"card-body\">\n\t<!-- Post Categories -->\n\t<div class=\"h6 category text-primary\">\n\t\t<ul class=\"post-categories\">\n\t<li><a href=\"https:\/\/sparcar-eppstein.com\/en\/category\/all-services\/\" rel=\"category tag\">All Services<\/a><\/li>\n\t<li><a href=\"https:\/\/sparcar-eppstein.com\/en\/category\/services\/\" rel=\"category tag\">Services<\/a><\/li><\/ul>\t<\/div>\n\n\t<h4 class=\"entry-title card-title\">\n\t\t<a href=\"https:\/\/sparcar-eppstein.com\/en\/_stadtfahrt\/\" rel=\"bookmark\">Stadtfahrt<\/a>\t<\/h4>\n\n\t<p class=\"entry-content\">\n\t\tAnrufen, einsteigen, entspannt ankommen. Innerhalb weniger Minuten sind wir im Stadtbereich Eppstein und Umgebung f\u00fcr Sie da. Selbstverst\u00e4ndlich kennt der Fahrer den k\u00fcrzesten Weg. Einsteigen, Fahrtziel angeben und los geht\u2019s. Wir bieten die...\t<\/p>\n\n\t<a class=\"post-readmore\" href=\"https:\/\/sparcar-eppstein.com\/en\/_stadtfahrt\/\">\n\t\tRead More\t<\/a>\n\n\t<div class=\"h6 footer post-meta\">\n\t\t<div class=\"meta author\">\n\t\t\t<a href=\"javascript:void(0);\">\n\t\t\t\t\t\t\t\t<span class=\"blog-author vcard\">Kamran Yousaf<\/span>\n\t\t\t<\/a>\n\t\t<\/div>\n\n\t\t<div class=\"meta-right pull-right\">\n\t\t\t<span class=\"meta post-date\">\n\t\t\t\t<i class=\"fa fa-calendar\"><\/i>\n\t\t\t\t21\/10\/2019\t\t\t<\/span>\n\n\t\t\t\t\t<\/div>\n\t<\/div>\n<\/div>\t\t\t\t\t<\/div>\n\t\t\t\t<\/article>\n\t\t\t\n\t\t\t\t<article id=\"post-1522\" class=\"col-md-4 post-1522 post type-post status-publish format-standard has-post-thumbnail hentry category-all-services category-services tag-bremthal tag-ehlhalten tag-engenhahn tag-eppenheim tag-eppstein tag-fischbach tag-heftrichidstein tag-hofheim-langenhain tag-hofheim-lorschbach tag-hofheim-wildsachsen tag-kelkheim tag-kurierfahrten tag-mietwagen tag-niederjosbach tag-niedernhausen tag-niederselbach tag-oberjosbach tag-oberselbach tag-ruepertsheim tag-schlossborn tag-taxi tag-transfer tag-vockenhausen tag-wiesbaden-auringen tag-wiesbaden-breckenheim tag-wiesbaden-medenbach tag-wiesbaden-naurod\">\n\t\t\t\t\t<div class=\"card card-blog card-grid\">\n\t\t\t\t\t\t\n\t<div class=\"card-header card-header-image post-thumbnail\">\n\t\t<a href=\"https:\/\/sparcar-eppstein.com\/en\/_kurierfahrten\/\">\n\t\t\t<img loading=\"lazy\" decoding=\"async\" width=\"300\" height=\"200\" src=\"https:\/\/sparcar-eppstein.com\/wp-content\/uploads\/2019\/10\/8869-300x200.jpg\" class=\"img wp-post-image\" alt=\"\" srcset=\"https:\/\/sparcar-eppstein.com\/wp-content\/uploads\/2019\/10\/8869-300x200.jpg 300w, https:\/\/sparcar-eppstein.com\/wp-content\/uploads\/2019\/10\/8869-768x513.jpg 768w, https:\/\/sparcar-eppstein.com\/wp-content\/uploads\/2019\/10\/8869-1024x683.jpg 1024w\" sizes=\"auto, (max-width: 300px) 100vw, 300px\" \/>\t\t<\/a>\n\t<\/div><!-- .post-thumbnail -->\n\n<div class=\"card-body\">\n\t<!-- Post Categories -->\n\t<div class=\"h6 category text-primary\">\n\t\t<ul class=\"post-categories\">\n\t<li><a href=\"https:\/\/sparcar-eppstein.com\/en\/category\/all-services\/\" rel=\"category tag\">All Services<\/a><\/li>\n\t<li><a href=\"https:\/\/sparcar-eppstein.com\/en\/category\/services\/\" rel=\"category tag\">Services<\/a><\/li><\/ul>\t<\/div>\n\n\t<h4 class=\"entry-title card-title\">\n\t\t<a href=\"https:\/\/sparcar-eppstein.com\/en\/_kurierfahrten\/\" rel=\"bookmark\">Kurierfahrten<\/a>\t<\/h4>\n\n\t<p class=\"entry-content\">\n\t\tExpress leicht gemacht. Medikamente, Briefe, Ersatzteile und alle sonstigen dringenden Dokumente bef\u00f6rdern wir rund um die Uhr. Geboten wird Ihnen hier ein schneller, zuverl\u00e4ssiger und diskreter Express-Service ohne Abstriche. Wir liefern Ihre Waren,...\t<\/p>\n\n\t<a class=\"post-readmore\" href=\"https:\/\/sparcar-eppstein.com\/en\/_kurierfahrten\/\">\n\t\tRead More\t<\/a>\n\n\t<div class=\"h6 footer post-meta\">\n\t\t<div class=\"meta author\">\n\t\t\t<a href=\"javascript:void(0);\">\n\t\t\t\t\t\t\t\t<span class=\"blog-author vcard\">Kamran Yousaf<\/span>\n\t\t\t<\/a>\n\t\t<\/div>\n\n\t\t<div class=\"meta-right pull-right\">\n\t\t\t<span class=\"meta post-date\">\n\t\t\t\t<i class=\"fa fa-calendar\"><\/i>\n\t\t\t\t21\/10\/2019\t\t\t<\/span>\n\n\t\t\t\t\t<\/div>\n\t<\/div>\n<\/div>\t\t\t\t\t<\/div>\n\t\t\t\t<\/article>\n\t\t\t\n\t\t\t\t<article id=\"post-1526\" class=\"col-md-4 post-1526 post type-post status-publish format-standard has-post-thumbnail hentry category-all-services category-services tag-bahnhof tag-bremthal tag-ehlhalten tag-engenhahn tag-eppenheim tag-eppstein tag-fischbach tag-hauptbahnhof tag-heftrichidstein tag-hofheim-langenhain tag-hofheim-lorschbach tag-hofheim-wildsachsen tag-kelkheim tag-mietwagen tag-niederjosbach tag-niedernhausen tag-niederselbach tag-oberjosbach tag-oberselbach tag-ruepertsheim tag-schlossborn tag-taxi tag-transfer tag-vockenhausen tag-wiesbaden-auringen tag-wiesbaden-breckenheim tag-wiesbaden-medenbach tag-wiesbaden-naurod\">\n\t\t\t\t\t<div class=\"card card-blog card-grid\">\n\t\t\t\t\t\t\n\t<div class=\"card-header card-header-image post-thumbnail\">\n\t\t<a href=\"https:\/\/sparcar-eppstein.com\/en\/diskothekentransfer\/\">\n\t\t\t<img loading=\"lazy\" decoding=\"async\" width=\"300\" height=\"200\" src=\"https:\/\/sparcar-eppstein.com\/wp-content\/uploads\/2019\/10\/concert-768722_1280-300x200.jpg\" class=\"img wp-post-image\" alt=\"\" srcset=\"https:\/\/sparcar-eppstein.com\/wp-content\/uploads\/2019\/10\/concert-768722_1280-300x200.jpg 300w, https:\/\/sparcar-eppstein.com\/wp-content\/uploads\/2019\/10\/concert-768722_1280-768x512.jpg 768w, https:\/\/sparcar-eppstein.com\/wp-content\/uploads\/2019\/10\/concert-768722_1280-1024x682.jpg 1024w, https:\/\/sparcar-eppstein.com\/wp-content\/uploads\/2019\/10\/concert-768722_1280.jpg 1280w\" sizes=\"auto, (max-width: 300px) 100vw, 300px\" \/>\t\t<\/a>\n\t<\/div><!-- .post-thumbnail -->\n\n<div class=\"card-body\">\n\t<!-- Post Categories -->\n\t<div class=\"h6 category text-primary\">\n\t\t<ul class=\"post-categories\">\n\t<li><a href=\"https:\/\/sparcar-eppstein.com\/en\/category\/all-services\/\" rel=\"category tag\">All Services<\/a><\/li>\n\t<li><a href=\"https:\/\/sparcar-eppstein.com\/en\/category\/services\/\" rel=\"category tag\">Services<\/a><\/li><\/ul>\t<\/div>\n\n\t<h4 class=\"entry-title card-title\">\n\t\t<a href=\"https:\/\/sparcar-eppstein.com\/en\/diskothekentransfer\/\" rel=\"bookmark\">Diskothekentransfer<\/a>\t<\/h4>\n\n\t<p class=\"entry-content\">\n\t\tDer Transfer von und zur Veranstaltung\/Diskothek Ihrer Wahl, Reservieren Sie bequem die Fahrt von und zu Ihrer Lieblingsdiskothek oder Veranstaltung. Kein langes Warten auf Taxen an Bushaltestellen oder Bahnstationen\t<\/p>\n\n\t<a class=\"post-readmore\" href=\"https:\/\/sparcar-eppstein.com\/en\/diskothekentransfer\/\">\n\t\tRead More\t<\/a>\n\n\t<div class=\"h6 footer post-meta\">\n\t\t<div class=\"meta author\">\n\t\t\t<a href=\"javascript:void(0);\">\n\t\t\t\t\t\t\t\t<span class=\"blog-author vcard\">Kamran Yousaf<\/span>\n\t\t\t<\/a>\n\t\t<\/div>\n\n\t\t<div class=\"meta-right pull-right\">\n\t\t\t<span class=\"meta post-date\">\n\t\t\t\t<i class=\"fa fa-calendar\"><\/i>\n\t\t\t\t21\/10\/2019\t\t\t<\/span>\n\n\t\t\t\t\t<\/div>\n\t<\/div>\n<\/div>\t\t\t\t\t<\/div>\n\t\t\t\t<\/article>\n\t\t\t\n\t\t\t\t<article id=\"post-1531\" class=\"col-md-4 post-1531 post type-post status-publish format-standard has-post-thumbnail hentry category-all-services category-services tag-bremthal tag-ehlhalten tag-engenhahn tag-eppenheim tag-eppstein tag-fischbach tag-heftrichidstein tag-hofheim-langenhain tag-hofheim-lorschbach tag-hofheim-wildsachsen tag-kelkheim tag-mietwagen tag-niederjosbach tag-niedernhausen tag-niederselbach tag-oberjosbach tag-oberselbach tag-ruepertsheim tag-schlossborn tag-taxi tag-transfer tag-vockenhausen tag-wiesbaden-auringen tag-wiesbaden-breckenheim tag-wiesbaden-medenbach tag-wiesbaden-naurod\">\n\t\t\t\t\t<div class=\"card card-blog card-grid\">\n\t\t\t\t\t\t\n\t<div class=\"card-header card-header-image post-thumbnail\">\n\t\t<a href=\"https:\/\/sparcar-eppstein.com\/en\/_einkaufsservice\/\">\n\t\t\t<img loading=\"lazy\" decoding=\"async\" width=\"300\" height=\"200\" src=\"https:\/\/sparcar-eppstein.com\/wp-content\/uploads\/2019\/10\/shopping-1232944_1280-300x200.jpg\" class=\"img wp-post-image\" alt=\"\" srcset=\"https:\/\/sparcar-eppstein.com\/wp-content\/uploads\/2019\/10\/shopping-1232944_1280-300x200.jpg 300w, https:\/\/sparcar-eppstein.com\/wp-content\/uploads\/2019\/10\/shopping-1232944_1280-768x512.jpg 768w, https:\/\/sparcar-eppstein.com\/wp-content\/uploads\/2019\/10\/shopping-1232944_1280-1024x682.jpg 1024w, https:\/\/sparcar-eppstein.com\/wp-content\/uploads\/2019\/10\/shopping-1232944_1280.jpg 1280w\" sizes=\"auto, (max-width: 300px) 100vw, 300px\" \/>\t\t<\/a>\n\t<\/div><!-- .post-thumbnail -->\n\n<div class=\"card-body\">\n\t<!-- Post Categories -->\n\t<div class=\"h6 category text-primary\">\n\t\t<ul class=\"post-categories\">\n\t<li><a href=\"https:\/\/sparcar-eppstein.com\/en\/category\/all-services\/\" rel=\"category tag\">All Services<\/a><\/li>\n\t<li><a href=\"https:\/\/sparcar-eppstein.com\/en\/category\/services\/\" rel=\"category tag\">Services<\/a><\/li><\/ul>\t<\/div>\n\n\t<h4 class=\"entry-title card-title\">\n\t\t<a href=\"https:\/\/sparcar-eppstein.com\/en\/_einkaufsservice\/\" rel=\"bookmark\">Einkaufsservice<\/a>\t<\/h4>\n\n\t<p class=\"entry-content\">\n\t\tKein l\u00e4stiges und schweres Schleppen mit T\u00fcten. Sie haben nicht die M\u00f6glichkeit mit ihrem eigenen Auto zu fahren; Sie haben keine Lust lange nach einem Parkplatz zu suchen; Sie m\u00f6chten nicht mit schweren...\t<\/p>\n\n\t<a class=\"post-readmore\" href=\"https:\/\/sparcar-eppstein.com\/en\/_einkaufsservice\/\">\n\t\tRead More\t<\/a>\n\n\t<div class=\"h6 footer post-meta\">\n\t\t<div class=\"meta author\">\n\t\t\t<a href=\"javascript:void(0);\">\n\t\t\t\t\t\t\t\t<span class=\"blog-author vcard\">Kamran Yousaf<\/span>\n\t\t\t<\/a>\n\t\t<\/div>\n\n\t\t<div class=\"meta-right pull-right\">\n\t\t\t<span class=\"meta post-date\">\n\t\t\t\t<i class=\"fa fa-calendar\"><\/i>\n\t\t\t\t21\/10\/2019\t\t\t<\/span>\n\n\t\t\t\t\t<\/div>\n\t<\/div>\n<\/div>\t\t\t\t\t<\/div>\n\t\t\t\t<\/article>\n\t\t\t\n\t\t\t\t<article id=\"post-1539\" class=\"col-md-4 post-1539 post type-post status-publish format-standard has-post-thumbnail hentry category-all-services category-services\">\n\t\t\t\t\t<div class=\"card card-blog card-grid\">\n\t\t\t\t\t\t\n\t<div class=\"card-header card-header-image post-thumbnail\">\n\t\t<a href=\"https:\/\/sparcar-eppstein.com\/en\/_fernfahrten-tagesfahrten\/\">\n\t\t\t<img loading=\"lazy\" decoding=\"async\" width=\"300\" height=\"199\" src=\"https:\/\/sparcar-eppstein.com\/wp-content\/uploads\/2019\/10\/highway-498304_1280-300x199.jpg\" class=\"img wp-post-image\" alt=\"\" srcset=\"https:\/\/sparcar-eppstein.com\/wp-content\/uploads\/2019\/10\/highway-498304_1280-300x199.jpg 300w, https:\/\/sparcar-eppstein.com\/wp-content\/uploads\/2019\/10\/highway-498304_1280-768x509.jpg 768w, https:\/\/sparcar-eppstein.com\/wp-content\/uploads\/2019\/10\/highway-498304_1280-1024x678.jpg 1024w, https:\/\/sparcar-eppstein.com\/wp-content\/uploads\/2019\/10\/highway-498304_1280.jpg 1280w\" sizes=\"auto, (max-width: 300px) 100vw, 300px\" \/>\t\t<\/a>\n\t<\/div><!-- .post-thumbnail -->\n\n<div class=\"card-body\">\n\t<!-- Post Categories -->\n\t<div class=\"h6 category text-primary\">\n\t\t<ul class=\"post-categories\">\n\t<li><a href=\"https:\/\/sparcar-eppstein.com\/en\/category\/all-services\/\" rel=\"category tag\">All Services<\/a><\/li>\n\t<li><a href=\"https:\/\/sparcar-eppstein.com\/en\/category\/services\/\" rel=\"category tag\">Services<\/a><\/li><\/ul>\t<\/div>\n\n\t<h4 class=\"entry-title card-title\">\n\t\t<a href=\"https:\/\/sparcar-eppstein.com\/en\/_fernfahrten-tagesfahrten\/\" rel=\"bookmark\">Fernfahrten<\/a>\t<\/h4>\n\n\t<p class=\"entry-content\">\n\t\tGanz gleich ob Sie zu Verwandten nach Frankfurt, M\u00fcnchen, Hamburg oder ins benachbarte Ausland wollen, mit Spar Car Eppstein kommen Sie \u00fcberall gut an. Mit uns fahren Sie sicher - nicht nur innerhalb...\t<\/p>\n\n\t<a class=\"post-readmore\" href=\"https:\/\/sparcar-eppstein.com\/en\/_fernfahrten-tagesfahrten\/\">\n\t\tRead More\t<\/a>\n\n\t<div class=\"h6 footer post-meta\">\n\t\t<div class=\"meta author\">\n\t\t\t<a href=\"javascript:void(0);\">\n\t\t\t\t\t\t\t\t<span class=\"blog-author vcard\">Kamran Yousaf<\/span>\n\t\t\t<\/a>\n\t\t<\/div>\n\n\t\t<div class=\"meta-right pull-right\">\n\t\t\t<span class=\"meta post-date\">\n\t\t\t\t<i class=\"fa fa-calendar\"><\/i>\n\t\t\t\t21\/10\/2019\t\t\t<\/span>\n\n\t\t\t\t\t<\/div>\n\t<\/div>\n<\/div>\t\t\t\t\t<\/div>\n\t\t\t\t<\/article>\n\t\t\t\n\t\t\t\t<article id=\"post-1601\" class=\"col-md-4 post-1601 post type-post status-publish format-standard has-post-thumbnail hentry category-services\">\n\t\t\t\t\t<div class=\"card card-blog card-grid\">\n\t\t\t\t\t\t\n\t<div class=\"card-header card-header-image post-thumbnail\">\n\t\t<a href=\"https:\/\/sparcar-eppstein.com\/en\/sonstige-ziele\/\">\n\t\t\t<img loading=\"lazy\" decoding=\"async\" width=\"300\" height=\"201\" src=\"https:\/\/sparcar-eppstein.com\/wp-content\/uploads\/2014\/11\/airbus-2466266_1280-300x201.jpg\" class=\"img wp-post-image\" alt=\"\" srcset=\"https:\/\/sparcar-eppstein.com\/wp-content\/uploads\/2014\/11\/airbus-2466266_1280-300x201.jpg 300w, https:\/\/sparcar-eppstein.com\/wp-content\/uploads\/2014\/11\/airbus-2466266_1280-768x515.jpg 768w, https:\/\/sparcar-eppstein.com\/wp-content\/uploads\/2014\/11\/airbus-2466266_1280-1024x687.jpg 1024w, https:\/\/sparcar-eppstein.com\/wp-content\/uploads\/2014\/11\/airbus-2466266_1280.jpg 1280w\" sizes=\"auto, (max-width: 300px) 100vw, 300px\" \/>\t\t<\/a>\n\t<\/div><!-- .post-thumbnail -->\n\n<div class=\"card-body\">\n\t<!-- Post Categories -->\n\t<div class=\"h6 category text-primary\">\n\t\t<ul class=\"post-categories\">\n\t<li><a href=\"https:\/\/sparcar-eppstein.com\/en\/category\/services\/\" rel=\"category tag\">Services<\/a><\/li><\/ul>\t<\/div>\n\n\t<h4 class=\"entry-title card-title\">\n\t\t<a href=\"https:\/\/sparcar-eppstein.com\/en\/sonstige-ziele\/\" rel=\"bookmark\">Sonstige Ziele<\/a>\t<\/h4>\n\n\t<p class=\"entry-content\">\n\t\tWir bieten professionelle Dienstleistungen rund um den Bereich Fahrservice f\u00fcr Gesch\u00e4fts- und Privatkunden. Wir bef\u00f6rdern Sie p\u00fcnktlich und sicher von A nach B! Ihr Weg ist Unser Ziel!\t<\/p>\n\n\t<a class=\"post-readmore\" href=\"https:\/\/sparcar-eppstein.com\/en\/sonstige-ziele\/\">\n\t\tRead More\t<\/a>\n\n\t<div class=\"h6 footer post-meta\">\n\t\t<div class=\"meta author\">\n\t\t\t<a href=\"javascript:void(0);\">\n\t\t\t\t\t\t\t\t<span class=\"blog-author vcard\">Kamran Yousaf<\/span>\n\t\t\t<\/a>\n\t\t<\/div>\n\n\t\t<div class=\"meta-right pull-right\">\n\t\t\t<span class=\"meta post-date\">\n\t\t\t\t<i class=\"fa fa-calendar\"><\/i>\n\t\t\t\t24\/09\/2019\t\t\t<\/span>\n\n\t\t\t\t\t<\/div>\n\t<\/div>\n<\/div>\t\t\t\t\t<\/div>\n\t\t\t\t<\/article>\n\t\t\t\t<\/div>\t<\/div>\n<\/div><\/div>\n\n<div class=\"fw-row\">\n\t\n<div class=\"fw-col-xs-12 fw-col-sm-4\"  style=\"\">\n\t\t<div class=\"fw-col-inner\">\n\t\t\t<\/div>\n<\/div>\n<div class=\"fw-col-xs-12 fw-col-sm-4\"  style=\"\">\n\t\t<div class=\"fw-col-inner\">\n\t\t\n\n<div class=\"text-center\">\t<a href=\"http:\/\/dev.sparcar-eppstein.de\/services\/\" \n\t\ttarget=\"_self\"\n\t\tclass=\"btn  btn-lg no-radius\"\n\t\tstyle='background-color: #f6bb42;color: #ffffff;'>\n\t\t\n\t\t<i class=\"fa fa-angle-double-right\"><\/i>\t\t<span>Mehr Dienstleistungen<\/span>\n\t<\/a>\n\n<\/div>\t<\/div>\n<\/div>\n<div class=\"fw-col-xs-12 fw-col-sm-4\"  style=\"\">\n\t\t<div class=\"fw-col-inner\">\n\t\t\t<\/div>\n<\/div><\/div>\n\n\t<div class=\"fw-divider-line\"><hr\/><\/div>\n\n\n\t<div class=\"fw-divider-space\" style=\"margin-top: 50px;\"><\/div>\n\t<\/div>\n<\/section>\n<section id=\"wpes-12125de6955901aeb6f1a9f42a4c0b0c\" class=\"fw-main-row  fw-container-fluid\" style=\"background-color: #ffffff;\"  >\n\t\t<div class=\"fw-container\">\n\t\t<div class=\"fw-row\">\n\t\n<div class=\"fw-col-xs-12\"  style=\"margin-top: 20px;margin-bottom: 20px;\">\n\t\t<div class=\"fw-col-inner\">\n\t\t\n<div class=\"fw-heading heading-one fw-heading-h2 fw-heading-center\">\n\n\t<h2 class='fw-special-title' style=\"color: #3c4858;\">Unser Ziel: Ihre Zufriedenheit<\/h2>\n\t<span class=\"heading-bottom\"><\/span>\n\t<div class='fw-special-subtitle' style=\"color: #5f6d86;font-size: 24px;\">Das sagen unsere Kunden<\/div><\/div>\t<\/div>\n<\/div><\/div>\n\n\t<\/div>\n<\/section>\n<section id=\"wpes-b1921bb9578c874553431ec3b9617ede\" class=\"fw-main-row  fw-container-fluid\" style=\"padding-top: 20px;padding-bottom: 20px;margin-top: 20px;margin-bottom: 20px;background-color: #e9eae2;\"  >\n\t\t<div class=\"fw-container\">\n\t\t<div class=\"fw-row\">\n\t\n<div class=\"fw-col-xs-12\"  style=\"\">\n\t\t<div class=\"fw-col-inner\">\n\t\t\n<div id=\"wpes-e96c61fdea13304be49ff9e0ef0c16ea\">\n\t<div class=\"row\">\n\t\t\n\t\t\t\t\t<div class=\"col-sm-6 col-md-4\">\n\t\t\t\t<div class=\"card card-testimonial\" >\n\t\t\t\t\t<div class=\"icon\"><i class=\"material-icons\">format_quote<\/i><\/div>\n\t\t\t\t\t<div class=\"card-body\">\n\t\t\t\t\t\t<p class=\"card-description\" >\n\t\t\t\t\t\t\tF\u00fcr mich eines der besten Dienstleistungsunternehmen in Eppstein! IMMER p\u00fcnktlich und STETS freundlich! Da k\u00f6nnten sich so einige Frankfurter Taxiunternehmen mal eine Scheibe von abschneiden...\t\t\t\t\t\t<\/p>\n\t\t\t\t\t<\/div>\n\n\t\t\t\t\t<div class=\"card-footer\">\n\t\t\t\t\t\t<h4 class=\"card-title\" >Cath Mal<\/h4>\n\t\t\t\t\t\t\n\t\t\t\t\t\t<h6 class=\"category\" ><\/h6>\n\n\t\t\t\t\t\t<div class=\"card-avatar\">\n\t\t\t\t\t\t\t<a href=\"javascript:void(0);\">\n\t\t\t\t\t\t\t\t<img loading=\"lazy\" decoding=\"async\" width=\"100\" height=\"100\" src=\"https:\/\/sparcar-eppstein.com\/wp-content\/uploads\/2019\/10\/photo-1.png\" class=\"attachment-100x100 size-100x100\" alt=\"\" \/>\t\t\t\t\t\t\t<\/a>\n\t\t\t\t\t\t<\/div>\n\t\t\t\t\t<\/div>\n\t\t\t\t<\/div>\n\t\t\t<\/div>\n\t\t\t\t\t<div class=\"col-sm-6 col-md-4\">\n\t\t\t\t<div class=\"card card-testimonial\" >\n\t\t\t\t\t<div class=\"icon\"><i class=\"material-icons\">format_quote<\/i><\/div>\n\t\t\t\t\t<div class=\"card-body\">\n\t\t\t\t\t\t<p class=\"card-description\" >\n\t\t\t\t\t\t\tIch hatte letztes Wochenende meinen 6. Flughafentransfer und das spricht f\u00fcr Spar Car. Immer sehr p\u00fcnktlich und super freundlich. Gro\u00dfes Lob an alle Mitarbeiter. Bis bald weiter so.\t\t\t\t\t\t<\/p>\n\t\t\t\t\t<\/div>\n\n\t\t\t\t\t<div class=\"card-footer\">\n\t\t\t\t\t\t<h4 class=\"card-title\" >Marion M<\/h4>\n\t\t\t\t\t\t\n\t\t\t\t\t\t<h6 class=\"category\" ><\/h6>\n\n\t\t\t\t\t\t<div class=\"card-avatar\">\n\t\t\t\t\t\t\t<a href=\"javascript:void(0);\">\n\t\t\t\t\t\t\t\t<img loading=\"lazy\" decoding=\"async\" width=\"100\" height=\"100\" src=\"https:\/\/sparcar-eppstein.com\/wp-content\/uploads\/2019\/10\/photo-1.png\" class=\"attachment-100x100 size-100x100\" alt=\"\" \/>\t\t\t\t\t\t\t<\/a>\n\t\t\t\t\t\t<\/div>\n\t\t\t\t\t<\/div>\n\t\t\t\t<\/div>\n\t\t\t<\/div>\n\t\t\t\t\t<div class=\"col-sm-6 col-md-4\">\n\t\t\t\t<div class=\"card card-testimonial\" >\n\t\t\t\t\t<div class=\"icon\"><i class=\"material-icons\">format_quote<\/i><\/div>\n\t\t\t\t\t<div class=\"card-body\">\n\t\t\t\t\t\t<p class=\"card-description\" >\n\t\t\t\t\t\t\tIch bin sehr zufrieden. Die sind immer p\u00fcnktlich. Die Fahrer sind nett und freundlich. Die Preise finde ich auch g\u00fcnstig, die Autos sind sauber. Wenn ich eine Taxi brauche, dann fahre ich nur mit Spar Car.\t\t\t\t\t\t<\/p>\n\t\t\t\t\t<\/div>\n\n\t\t\t\t\t<div class=\"card-footer\">\n\t\t\t\t\t\t<h4 class=\"card-title\" >No\u00e9mi Fazekas<\/h4>\n\t\t\t\t\t\t\n\t\t\t\t\t\t<h6 class=\"category\" ><\/h6>\n\n\t\t\t\t\t\t<div class=\"card-avatar\">\n\t\t\t\t\t\t\t<a href=\"javascript:void(0);\">\n\t\t\t\t\t\t\t\t<img loading=\"lazy\" decoding=\"async\" width=\"100\" height=\"100\" src=\"https:\/\/sparcar-eppstein.com\/wp-content\/uploads\/2019\/10\/photo-1.png\" class=\"attachment-100x100 size-100x100\" alt=\"\" \/>\t\t\t\t\t\t\t<\/a>\n\t\t\t\t\t\t<\/div>\n\t\t\t\t\t<\/div>\n\t\t\t\t<\/div>\n\t\t\t<\/div>\n\t\t\n\t<\/div>\n<\/div>\n\t<div class=\"fw-divider-space\" style=\"margin-top: 50px;\"><\/div>\n<h3 style=\"text-align: center;\">Hier k\u00f6nnen Sie uns bewerten<\/h3>\n\n<div class=\"text-center\">\t<a href=\"https:\/\/www.google.com\/search?client=firefox-b-d&amp;q=spar+car+eppstein#lrd=0x47bda4c8056a62ad:0x63feee014c11cb4a,1,,,\" \n\t\ttarget=\"_self\"\n\t\tclass=\"btn  btn-primary btn-lg\"\n\t\t>\n\t\t\n\t\t<i class=\"fa fa-pencil\"><\/i>\t\t<span>Bewertung schreiben<\/span>\n\t<\/a>\n\n<\/div>\t<\/div>\n<\/div><\/div>\n\n\t<\/div>\n<\/section>","protected":false},"excerpt":{"rendered":"<p>Wir bieten professionelle Dienstleistungen rund um den Bereich Fahrservice f\u00fcr Gesch\u00e4fts- und Privatkunden. Wir bef\u00f6rdern Sie p\u00fcnktlich und sicher von A nach B! Ihr Weg ist Unser Ziel! All Services Weitere Services City Club Kelkheim Taunus [iphorm id=&#8220;9&#8243; name=&#8220;City Club Kelkheim Taunus&#8220;] Buchung InformationBitte tragen Sie hier ihre Reise Information ein.Von*EppsteinVockenhausenEhlhaltenNiederjosbachBremthalDatum*Gep\u00e4ckst\u00fcck(e)*Bitte ausw\u00e4hlen12345Kinder*Bitte ausw\u00e4hlen1234Bei mehr als [&hellip;]<\/p>\n","protected":false},"author":2,"featured_media":0,"parent":0,"menu_order":0,"comment_status":"closed","ping_status":"closed","template":"page-templates\/full-width.php","meta":{"footnotes":""},"class_list":["post-5","page","type-page","status-publish","hentry"],"aioseo_notices":[],"_hostinger_reach_plugin_has_subscription_block":false,"_hostinger_reach_plugin_is_elementor":false,"_links":{"self":[{"href":"https:\/\/sparcar-eppstein.com\/en\/wp-json\/wp\/v2\/pages\/5","targetHints":{"allow":["GET"]}}],"collection":[{"href":"https:\/\/sparcar-eppstein.com\/en\/wp-json\/wp\/v2\/pages"}],"about":[{"href":"https:\/\/sparcar-eppstein.com\/en\/wp-json\/wp\/v2\/types\/page"}],"author":[{"embeddable":true,"href":"https:\/\/sparcar-eppstein.com\/en\/wp-json\/wp\/v2\/users\/2"}],"replies":[{"embeddable":true,"href":"https:\/\/sparcar-eppstein.com\/en\/wp-json\/wp\/v2\/comments?post=5"}],"version-history":[{"count":174,"href":"https:\/\/sparcar-eppstein.com\/en\/wp-json\/wp\/v2\/pages\/5\/revisions"}],"predecessor-version":[{"id":1233,"href":"https:\/\/sparcar-eppstein.com\/en\/wp-json\/wp\/v2\/pages\/5\/revisions\/1233"}],"wp:attachment":[{"href":"https:\/\/sparcar-eppstein.com\/en\/wp-json\/wp\/v2\/media?parent=5"}],"curies":[{"name":"wp","href":"https:\/\/api.w.org\/{rel}","templated":true}]}}